{"id":83,"date":"2025-12-05T11:57:41","date_gmt":"2025-12-05T10:57:41","guid":{"rendered":"https:\/\/serviciosotic.cl\/?page_id=83"},"modified":"2025-12-05T15:13:10","modified_gmt":"2025-12-05T14:13:10","slug":"inicio","status":"publish","type":"page","link":"https:\/\/serviciosotic.cl\/","title":{"rendered":"Inicio"},"content":{"rendered":"\t\t<div data-elementor-type=\"wp-page\" data-elementor-id=\"83\" class=\"elementor elementor-83\" data-elementor-post-type=\"page\">\n\t\t\t\t<div class=\"elementor-element elementor-element-23040834 e-grid e-con-boxed e-con e-parent\" data-id=\"23040834\" data-element_type=\"container\" data-settings=\"{&quot;background_background&quot;:&quot;classic&quot;}\">\n\t\t\t\t\t<div class=\"e-con-inner\">\n\t\t<div class=\"elementor-element elementor-element-5e1c5d99 e-con-full e-flex e-con e-child\" data-id=\"5e1c5d99\" data-element_type=\"container\">\n\t\t\t\t<div class=\"elementor-element elementor-element-5239bc26 elementor-widget elementor-widget-heading\" data-id=\"5239bc26\" data-element_type=\"widget\" data-widget_type=\"heading.default\">\n\t\t\t\t\t<h1 class=\"elementor-heading-title elementor-size-default\">Otic del Comercio<\/h1>\t\t\t\t<\/div>\n\t\t\t\t<div class=\"elementor-element elementor-element-58edb0c2 elementor-widget elementor-widget-text-editor\" data-id=\"58edb0c2\" data-element_type=\"widget\" data-widget_type=\"text-editor.default\">\n\t\t\t\t\t\t\t\t\t<h6 style=\"text-align: center;\">Conoce nuestros servicios<\/h6>\t\t\t\t\t\t\t\t<\/div>\n\t\t\t\t<\/div>\n\t\t<div class=\"elementor-element elementor-element-4fe968e3 e-con-full e-flex e-con e-child\" data-id=\"4fe968e3\" data-element_type=\"container\">\n\t\t\t\t<div class=\"elementor-element elementor-element-2ff01a1d elementor-widget elementor-widget-image\" data-id=\"2ff01a1d\" data-element_type=\"widget\" data-widget_type=\"image.default\">\n\t\t\t\t\t\t\t\t\t\t\t\t\t\t\t<img fetchpriority=\"high\" decoding=\"async\" width=\"800\" height=\"438\" src=\"https:\/\/serviciosotic.cl\/wp-content\/uploads\/2025\/12\/foto_servicios-1024x560.png\" class=\"attachment-large size-large wp-image-67\" alt=\"\" srcset=\"https:\/\/serviciosotic.cl\/wp-content\/uploads\/2025\/12\/foto_servicios-1024x560.png 1024w, https:\/\/serviciosotic.cl\/wp-content\/uploads\/2025\/12\/foto_servicios-300x164.png 300w, https:\/\/serviciosotic.cl\/wp-content\/uploads\/2025\/12\/foto_servicios-768x420.png 768w, https:\/\/serviciosotic.cl\/wp-content\/uploads\/2025\/12\/foto_servicios.png 1284w\" sizes=\"(max-width: 800px) 100vw, 800px\" \/>\t\t\t\t\t\t\t\t\t\t\t\t\t\t\t<\/div>\n\t\t\t\t<\/div>\n\t\t\t\t\t<\/div>\n\t\t\t\t<\/div>\n\t\t<div class=\"elementor-element elementor-element-27cd508f e-grid e-con-boxed e-con e-parent\" data-id=\"27cd508f\" data-element_type=\"container\">\n\t\t\t\t\t<div class=\"e-con-inner\">\n\t\t<div class=\"elementor-element elementor-element-bb54b88 e-con-full e-flex e-con e-child\" data-id=\"bb54b88\" data-element_type=\"container\">\n\t\t\t\t<div class=\"elementor-element elementor-element-2e917dce elementor-widget elementor-widget-heading\" data-id=\"2e917dce\" data-element_type=\"widget\" data-widget_type=\"heading.default\">\n\t\t\t\t\t<h1 class=\"elementor-heading-title elementor-size-default\">Somos el Otic<\/h1>\t\t\t\t<\/div>\n\t\t\t\t<div class=\"elementor-element elementor-element-74505b23 elementor-widget elementor-widget-heading\" data-id=\"74505b23\" data-element_type=\"widget\" data-widget_type=\"heading.default\">\n\t\t\t\t\t<h1 class=\"elementor-heading-title elementor-size-default\">de la CNC<\/h1>\t\t\t\t<\/div>\n\t\t\t\t<div class=\"elementor-element elementor-element-43c04e13 elementor-widget elementor-widget-image\" data-id=\"43c04e13\" data-element_type=\"widget\" data-widget_type=\"image.default\">\n\t\t\t\t\t\t\t\t\t\t\t\t\t\t\t<img decoding=\"async\" src=\"https:\/\/serviciosotic.cl\/wp-content\/uploads\/elementor\/thumbs\/Logo-CNC-rfpffbrremz2ox1iie3p9hoizfimxthszsx3fk658g.png\" title=\"Logo-CNC.png\" alt=\"Logo-CNC.png\" loading=\"lazy\" \/>\t\t\t\t\t\t\t\t\t\t\t\t\t\t\t<\/div>\n\t\t\t\t<\/div>\n\t\t<div class=\"elementor-element elementor-element-22e9c861 e-con-full e-flex e-con e-child\" data-id=\"22e9c861\" data-element_type=\"container\">\n\t\t\t\t<div class=\"elementor-element elementor-element-3df63387 elementor-widget elementor-widget-text-editor\" data-id=\"3df63387\" data-element_type=\"widget\" data-widget_type=\"text-editor.default\">\n\t\t\t\t\t\t\t\t\t<p>En el <strong>OTIC del Comercio<\/strong>, entendemos el valor de la capacitaci\u00f3n como motor de crecimiento. Con <strong>46 a\u00f1os de trayectoria<\/strong> y el respaldo de la <strong>C\u00e1mara Nacional de Comercio, Servicios y Turismo (CNC)<\/strong>, te ofrecemos una propuesta \u00fanica para que tu inversi\u00f3n en talento sea m\u00e1s que eficiente.<\/p><p>Nuestra gesti\u00f3n se basa en la excelencia y la seguridad. Somos el primer OTIC certificado con la <strong>ISO\/IEC 27001:2022<\/strong>, garantizando la protecci\u00f3n de tu informaci\u00f3n con los m\u00e1s altos est\u00e1ndares. Adem\u00e1s, nuestra tecnolog\u00eda de vanguardia, como el software <strong>Sotweb 2.0<\/strong>, simplifica la gesti\u00f3n de la franquicia tributaria para que te enfoques en lo que realmente importa: <strong>el futuro de tu empresa<\/strong>.<\/p><p>Descubre por qu\u00e9 miles de organizaciones conf\u00edan en nosotros para potenciar a sus equipos. Te invitamos a ser parte del Otic del Comercio y a transformar la capacitaci\u00f3n en una ventaja competitiva.<\/p>\t\t\t\t\t\t\t\t<\/div>\n\t\t\t\t<div class=\"elementor-element elementor-element-2cb766d1 elementor-widget elementor-widget-menu-anchor\" data-id=\"2cb766d1\" data-element_type=\"widget\" data-widget_type=\"menu-anchor.default\">\n\t\t\t\t\t\t\t<div class=\"elementor-menu-anchor\" id=\"dnc\"><\/div>\n\t\t\t\t\t\t<\/div>\n\t\t\t\t<\/div>\n\t\t\t\t\t<\/div>\n\t\t\t\t<\/div>\n\t\t<div class=\"elementor-element elementor-element-6982cfc8 e-grid e-con-boxed e-con e-parent\" data-id=\"6982cfc8\" data-element_type=\"container\" data-settings=\"{&quot;background_background&quot;:&quot;classic&quot;}\">\n\t\t\t\t\t<div class=\"e-con-inner\">\n\t\t\t\t<div class=\"elementor-element elementor-element-43a707c9 elementor-widget elementor-widget-heading\" data-id=\"43a707c9\" data-element_type=\"widget\" data-widget_type=\"heading.default\">\n\t\t\t\t\t<h2 class=\"elementor-heading-title elementor-size-default\">Detecci\u00f3n de Necesidades<\/h2>\t\t\t\t<\/div>\n\t\t\t\t<div class=\"elementor-element elementor-element-3db24303 elementor-widget elementor-widget-text-editor\" data-id=\"3db24303\" data-element_type=\"widget\" data-widget_type=\"text-editor.default\">\n\t\t\t\t\t\t\t\t\t<p>El OTIC del Comercio te acompa\u00f1a en cada etapa de la capacitaci\u00f3n de tu equipo, ofreci\u00e9ndote un servicio integral dise\u00f1ado para potenciar a tu empresa.<\/p>\t\t\t\t\t\t\t\t<\/div>\n\t\t\t\t\t<\/div>\n\t\t\t\t<\/div>\n\t\t<div class=\"elementor-element elementor-element-14cd5ef2 e-grid e-con-boxed e-con e-parent\" data-id=\"14cd5ef2\" data-element_type=\"container\" data-settings=\"{&quot;background_background&quot;:&quot;classic&quot;}\">\n\t\t\t\t\t<div class=\"e-con-inner\">\n\t\t<div class=\"elementor-element elementor-element-7830038c e-con-full e-flex e-con e-child\" data-id=\"7830038c\" data-element_type=\"container\">\n\t\t\t\t<div class=\"elementor-element elementor-element-2b2abc25 elementor-widget elementor-widget-image\" data-id=\"2b2abc25\" data-element_type=\"widget\" data-widget_type=\"image.default\">\n\t\t\t\t\t\t\t\t\t\t\t\t\t\t\t<img decoding=\"async\" src=\"https:\/\/serviciosotic.cl\/wp-content\/uploads\/elementor\/thumbs\/Capacitacion-rfpffcpm7ee0cxqq8a9gcx15pn1m7i87ocdbykuet0.png\" title=\"Capacitacion.png\" alt=\"Capacitacion.png\" loading=\"lazy\" \/>\t\t\t\t\t\t\t\t\t\t\t\t\t\t\t<\/div>\n\t\t\t\t<div class=\"elementor-element elementor-element-91530ae elementor-widget elementor-widget-heading\" data-id=\"91530ae\" data-element_type=\"widget\" data-widget_type=\"heading.default\">\n\t\t\t\t\t<h2 class=\"elementor-heading-title elementor-size-default\">Detecci\u00f3n de Necesidades de Capacitaci\u00f3n (DNC)<\/h2>\t\t\t\t<\/div>\n\t\t\t\t<div class=\"elementor-element elementor-element-5082366d elementor-widget elementor-widget-text-editor\" data-id=\"5082366d\" data-element_type=\"widget\" data-widget_type=\"text-editor.default\">\n\t\t\t\t\t\t\t\t\t<p>Con nuestro servicio de DNC, te ayudamos a identificar de forma precisa las brechas de conocimiento y habilidades de tus trabajadores. A trav\u00e9s de un an\u00e1lisis detallado, te entregamos un plan de capacitaci\u00f3n estrat\u00e9gico y a la medida, asegurando que cada peso invertido se traduzca en mayor productividad y crecimiento para tu empresa.<\/p>\t\t\t\t\t\t\t\t<\/div>\n\t\t\t\t<div class=\"elementor-element elementor-element-453dfa72 elementor-widget elementor-widget-menu-anchor\" data-id=\"453dfa72\" data-element_type=\"widget\" data-widget_type=\"menu-anchor.default\">\n\t\t\t\t\t\t\t<div class=\"elementor-menu-anchor\" id=\"administracion\"><\/div>\n\t\t\t\t\t\t<\/div>\n\t\t\t\t<\/div>\n\t\t<div class=\"elementor-element elementor-element-19838db5 e-con-full e-flex e-con e-child\" data-id=\"19838db5\" data-element_type=\"container\">\n\t\t\t\t<div class=\"elementor-element elementor-element-21516f13 elementor-widget elementor-widget-image\" data-id=\"21516f13\" data-element_type=\"widget\" data-widget_type=\"image.default\">\n\t\t\t\t\t\t\t\t\t\t\t\t\t\t\t<img decoding=\"async\" src=\"https:\/\/serviciosotic.cl\/wp-content\/uploads\/elementor\/thumbs\/fiscalizacion-rfpffdnge8faojpd2so2xesmb0wzf7by0h0tfut0ms.png\" title=\"fiscalizacion.png\" alt=\"fiscalizacion.png\" loading=\"lazy\" \/>\t\t\t\t\t\t\t\t\t\t\t\t\t\t\t<\/div>\n\t\t\t\t<div class=\"elementor-element elementor-element-1534319c elementor-widget elementor-widget-heading\" data-id=\"1534319c\" data-element_type=\"widget\" data-widget_type=\"heading.default\">\n\t\t\t\t\t<h2 class=\"elementor-heading-title elementor-size-default\">Asesor\u00eda y apoyo en fiscalizaci\u00f3n de Sence como el SII.<\/h2>\t\t\t\t<\/div>\n\t\t\t\t<div class=\"elementor-element elementor-element-35d30199 elementor-widget elementor-widget-text-editor\" data-id=\"35d30199\" data-element_type=\"widget\" data-widget_type=\"text-editor.default\">\n\t\t\t\t\t\t\t\t\t<p>Navegar por la fiscalizaci\u00f3n de Sence o el SII puede ser complejo. Por eso, nuestro equipo de expertos te brinda asesor\u00eda y apoyo en todo el proceso. Te guiamos para que cumplas con cada normativa y tengas tu documentaci\u00f3n en orden, evitando multas y asegurando una gesti\u00f3n transparente.<\/p>\t\t\t\t\t\t\t\t<\/div>\n\t\t\t\t<\/div>\n\t\t<div class=\"elementor-element elementor-element-7f2cae7b e-con-full e-flex e-con e-child\" data-id=\"7f2cae7b\" data-element_type=\"container\">\n\t\t\t\t<div class=\"elementor-element elementor-element-490b0d9a elementor-widget elementor-widget-image\" data-id=\"490b0d9a\" data-element_type=\"widget\" data-widget_type=\"image.default\">\n\t\t\t\t\t\t\t\t\t\t\t\t\t\t\t<img decoding=\"async\" src=\"https:\/\/serviciosotic.cl\/wp-content\/uploads\/elementor\/thumbs\/alianzas-rfpffdnge8faojpd2so2xesmb0wzf7by0h0tfut0ms.png\" title=\"alianzas.png\" alt=\"alianzas.png\" loading=\"lazy\" \/>\t\t\t\t\t\t\t\t\t\t\t\t\t\t\t<\/div>\n\t\t\t\t<div class=\"elementor-element elementor-element-3d665b3f elementor-widget elementor-widget-heading\" data-id=\"3d665b3f\" data-element_type=\"widget\" data-widget_type=\"heading.default\">\n\t\t\t\t\t<h2 class=\"elementor-heading-title elementor-size-default\">Alianzas estrat\u00e9gicas<\/h2>\t\t\t\t<\/div>\n\t\t\t\t<div class=\"elementor-element elementor-element-11c8dd8d elementor-widget elementor-widget-text-editor\" data-id=\"11c8dd8d\" data-element_type=\"widget\" data-widget_type=\"text-editor.default\">\n\t\t\t\t\t\t\t\t\t<p>A trav\u00e9s de nuestra red de alianzas con los mejores OTEC del pa\u00eds, te conectamos con programas de formaci\u00f3n de alta calidad y vanguardia. Te ayudamos a encontrar el curso perfecto, ya sea en habilidades t\u00e9cnicas, liderazgo, o nuevas tecnolog\u00edas, garantizando que tu equipo reciba la mejor capacitaci\u00f3n del mercado.<\/p>\t\t\t\t\t\t\t\t<\/div>\n\t\t\t\t<\/div>\n\t\t\t\t\t<\/div>\n\t\t\t\t<\/div>\n\t\t<div class=\"elementor-element elementor-element-65838891 e-grid e-con-boxed e-con e-parent\" data-id=\"65838891\" data-element_type=\"container\">\n\t\t\t\t\t<div class=\"e-con-inner\">\n\t\t<div class=\"elementor-element elementor-element-71b3a262 e-con-full e-grid e-con e-child\" data-id=\"71b3a262\" data-element_type=\"container\">\n\t\t\t\t<div class=\"elementor-element elementor-element-7d29dd09 elementor-widget elementor-widget-heading\" data-id=\"7d29dd09\" data-element_type=\"widget\" data-widget_type=\"heading.default\">\n\t\t\t\t\t<h2 class=\"elementor-heading-title elementor-size-default\">Administraci\u00f3n Franquicia Tributaria<\/h2>\t\t\t\t<\/div>\n\t\t\t\t<div class=\"elementor-element elementor-element-3cf31c1c elementor-widget elementor-widget-text-editor\" data-id=\"3cf31c1c\" data-element_type=\"widget\" data-widget_type=\"text-editor.default\">\n\t\t\t\t\t\t\t\t\t<div id=\"comp-l2322ho0\" class=\"Z_l5lU ku3DBC zQ9jDz qvSjx3 Vq6kJx comp-l2322ho0 wixui-rich-text\" data-testid=\"richTextElement\"><p class=\"font_7 wixui-rich-text__text\"><strong><span class=\"wixui-rich-text__text\">Ejecutivo Disponible para administrar de manera eficiente sus recursos.<\/span><\/strong><\/p><\/div>\t\t\t\t\t\t\t\t<\/div>\n\t\t\t\t<div class=\"elementor-element elementor-element-65437fe1 elementor-widget elementor-widget-text-editor\" data-id=\"65437fe1\" data-element_type=\"widget\" data-widget_type=\"text-editor.default\">\n\t\t\t\t\t\t\t\t\t<p class=\"font_8 wixui-rich-text__text\">Nuestros servicios de administraci\u00f3n de la franquicia tributaria est\u00e1n dise\u00f1ados para simplificar tu gesti\u00f3n y maximizar tu inversi\u00f3n en talento. Te ofrecemos un servicio completo que incluye:<\/p><ul class=\"font_8 wixui-rich-text__text\"><li class=\"wixui-rich-text__text\"><p class=\"font_8 wixui-rich-text__text\">Asesor\u00eda personalizada: Te guiamos en todo el proceso para que comprendas la normativa y cumplas con los requisitos de Sence.<\/p><\/li><li class=\"wixui-rich-text__text\"><p class=\"font_8 wixui-rich-text__text\">Gesti\u00f3n de proyectos: Nos encargamos de todos los tr\u00e1mites administrativos, desde la rendici\u00f3n de cuentas hasta la validaci\u00f3n de cursos.<\/p><\/li><li class=\"wixui-rich-text__text\"><p class=\"font_8 wixui-rich-text__text\">Control y seguimiento: Monitoreamos el avance de tus programas de capacitaci\u00f3n y te entregamos informes detallados para que tomes decisiones estrat\u00e9gicas.\u200b<\/p><\/li><\/ul><p class=\"font_8 wixui-rich-text__text\">Con el OTIC del Comercio, no solo optimizas tus recursos, sino que tambi\u00e9n inviertes directamente en el crecimiento y la competitividad de tu empresa.<\/p>\t\t\t\t\t\t\t\t<\/div>\n\t\t\t\t<\/div>\n\t\t<div class=\"elementor-element elementor-element-3ce23d3c e-con-full e-flex e-con e-child\" data-id=\"3ce23d3c\" data-element_type=\"container\">\n\t\t\t\t<div class=\"elementor-element elementor-element-384a2f5e elementor-widget elementor-widget-image\" data-id=\"384a2f5e\" data-element_type=\"widget\" data-widget_type=\"image.default\">\n\t\t\t\t\t\t\t\t\t\t\t\t\t\t\t<img decoding=\"async\" src=\"https:\/\/serviciosotic.cl\/wp-content\/uploads\/elementor\/thumbs\/phone_otic-rfpfffj45z5xd4wwwnrl4s8eiicpm9ua4s0jfjlfcw.png\" title=\"phone_otic.png\" alt=\"phone_otic.png\" loading=\"lazy\" \/>\t\t\t\t\t\t\t\t\t\t\t\t\t\t\t<\/div>\n\t\t\t\t<div class=\"elementor-element elementor-element-7dfcd2ae elementor-widget elementor-widget-menu-anchor\" data-id=\"7dfcd2ae\" data-element_type=\"widget\" data-widget_type=\"menu-anchor.default\">\n\t\t\t\t\t\t\t<div class=\"elementor-menu-anchor\" id=\"tecnologia\"><\/div>\n\t\t\t\t\t\t<\/div>\n\t\t\t\t<\/div>\n\t\t\t\t\t<\/div>\n\t\t\t\t<\/div>\n\t\t<div class=\"elementor-element elementor-element-1bbf4992 e-grid e-con-boxed e-con e-parent\" data-id=\"1bbf4992\" data-element_type=\"container\" data-settings=\"{&quot;background_background&quot;:&quot;classic&quot;}\">\n\t\t\t\t\t<div class=\"e-con-inner\">\n\t\t<div class=\"elementor-element elementor-element-79f876cc e-con-full e-flex e-con e-child\" data-id=\"79f876cc\" data-element_type=\"container\">\n\t\t\t\t<div class=\"elementor-element elementor-element-607c6571 elementor-widget elementor-widget-heading\" data-id=\"607c6571\" data-element_type=\"widget\" data-widget_type=\"heading.default\">\n\t\t\t\t\t<h2 class=\"elementor-heading-title elementor-size-default\">Tecnolog\u00eda<\/h2>\t\t\t\t<\/div>\n\t\t\t\t<div class=\"elementor-element elementor-element-27ae049c elementor-widget elementor-widget-text-editor\" data-id=\"27ae049c\" data-element_type=\"widget\" data-widget_type=\"text-editor.default\">\n\t\t\t\t\t\t\t\t\t<div id=\"comp-l2331o1r\" class=\"Z_l5lU ku3DBC zQ9jDz qvSjx3 Vq6kJx comp-l2331o1r wixui-rich-text\" data-testid=\"richTextElement\" data-motion-enter=\"done\"><p class=\"font_8 wixui-rich-text__text\"><span class=\"color_11 wixui-rich-text__text\">En el OTIC del Comercio, entendemos que la gesti\u00f3n de la capacitaci\u00f3n debe ser tan \u00e1gil y moderna como tu negocio. Por eso, hemos desarrollado herramientas tecnol\u00f3gicas de vanguardia para simplificar tus procesos y maximizar el impacto de tu inversi\u00f3n.<\/span><\/p><\/div>\t\t\t\t\t\t\t\t<\/div>\n\t\t\t\t<div class=\"elementor-element elementor-element-1b41c221 elementor-widget elementor-widget-heading\" data-id=\"1b41c221\" data-element_type=\"widget\" data-widget_type=\"heading.default\">\n\t\t\t\t\t<h2 class=\"elementor-heading-title elementor-size-default\">SOTWEB 2.0: Tu gesti\u00f3n de capacitaci\u00f3n en un solo lugar<\/h2>\t\t\t\t<\/div>\n\t\t<div class=\"elementor-element elementor-element-7b12cc6d e-grid e-con-full e-con e-child\" data-id=\"7b12cc6d\" data-element_type=\"container\">\n\t\t<div class=\"elementor-element elementor-element-1d83205a e-con-full e-flex e-con e-child\" data-id=\"1d83205a\" data-element_type=\"container\">\n\t\t\t\t<div class=\"elementor-element elementor-element-251091a2 elementor-widget elementor-widget-image\" data-id=\"251091a2\" data-element_type=\"widget\" data-widget_type=\"image.default\">\n\t\t\t\t\t\t\t\t\t\t\t\t\t\t\t<img decoding=\"async\" src=\"https:\/\/serviciosotic.cl\/wp-content\/uploads\/elementor\/thumbs\/compu_otic-rfpfffj45z5cwjkmkl34loee4nwicdv3jaipel2h34.avif\" title=\"compu_otic.avif\" alt=\"compu_otic.avif\" loading=\"lazy\" \/>\t\t\t\t\t\t\t\t\t\t\t\t\t\t\t<\/div>\n\t\t\t\t<\/div>\n\t\t<div class=\"elementor-element elementor-element-1f5441cb e-con-full e-flex e-con e-child\" data-id=\"1f5441cb\" data-element_type=\"container\">\n\t\t\t\t<div class=\"elementor-element elementor-element-27db6065 elementor-widget elementor-widget-text-editor\" data-id=\"27db6065\" data-element_type=\"widget\" data-widget_type=\"text-editor.default\">\n\t\t\t\t\t\t\t\t\t<p class=\"font_8 wixui-rich-text__text\"><span class=\"color_36 wixui-rich-text__text\">Te presentamos SOTWEB 2.0, el software de gesti\u00f3n dise\u00f1ado para optimizar cada etapa de tu capacitaci\u00f3n. Nuestra plataforma intuitiva y robusta te permite:<\/span><\/p><ul class=\"font_8 color_36 wixui-rich-text__text\"><li class=\"wixui-rich-text__text\"><p class=\"font_8 wixui-rich-text__text\"><span class=\"color_36 wixui-rich-text__text\">Centralizar la informaci\u00f3n: Accede a todos tus datos, documentos y registros de capacitaci\u00f3n en un solo lugar.<\/span><\/p><\/li><li class=\"wixui-rich-text__text\"><p class=\"font_8 wixui-rich-text__text\"><span class=\"color_36 wixui-rich-text__text\">Simplificar la administraci\u00f3n: Gestiona proyectos, controla presupuestos y rinde cuentas de forma r\u00e1pida y sencilla.<\/span><\/p><\/li><li class=\"wixui-rich-text__text\"><p class=\"font_8 wixui-rich-text__text\"><span class=\"color_36 wixui-rich-text__text\">Tomar decisiones estrat\u00e9gicas: Obt\u00e9n reportes detallados y an\u00e1lisis en tiempo real para evaluar el impacto de tu capacitaci\u00f3n.<\/span><\/p><\/li><\/ul><p class=\"font_8 wixui-rich-text__text\"><span class=\"color_36 wixui-rich-text__text\">Con SOTWEB 2.0, tu gesti\u00f3n se vuelve m\u00e1s eficiente, transparente y con visi\u00f3n de futuro.<\/span><\/p>\t\t\t\t\t\t\t\t<\/div>\n\t\t\t\t<\/div>\n\t\t\t\t<\/div>\n\t\t<div class=\"elementor-element elementor-element-5a668220 e-con-full e-flex e-con e-child\" data-id=\"5a668220\" data-element_type=\"container\">\n\t\t\t\t<div class=\"elementor-element elementor-element-2c63740f elementor-widget elementor-widget-heading\" data-id=\"2c63740f\" data-element_type=\"widget\" data-widget_type=\"heading.default\">\n\t\t\t\t\t<h2 class=\"elementor-heading-title elementor-size-default\">Feria Virtual de Capacitaci\u00f3n: Conecta con la oferta que necesitas\u200b\u200b<\/h2>\t\t\t\t<\/div>\n\t\t\t\t<\/div>\n\t\t<div class=\"elementor-element elementor-element-bf611ef e-grid e-con-full e-con e-child\" data-id=\"bf611ef\" data-element_type=\"container\">\n\t\t<div class=\"elementor-element elementor-element-231ac75f e-con-full e-flex e-con e-child\" data-id=\"231ac75f\" data-element_type=\"container\">\n\t\t\t\t<div class=\"elementor-element elementor-element-5443a8b0 elementor-widget elementor-widget-text-editor\" data-id=\"5443a8b0\" data-element_type=\"widget\" data-widget_type=\"text-editor.default\">\n\t\t\t\t\t\t\t\t\t<p class=\"font_8 wixui-rich-text__text\"><span class=\"color_36 wixui-rich-text__text\">Nuestra Feria Virtual de Capacitaci\u00f3n es el espacio ideal para que descubras la oferta formativa m\u00e1s completa y actualizada del mercado. De forma interactiva y desde cualquier lugar, podr\u00e1s:<\/span><\/p><ul class=\"font_8 color_36 wixui-rich-text__text\"><li class=\"wixui-rich-text__text\"><p class=\"font_8 wixui-rich-text__text\"><span class=\"color_36 wixui-rich-text__text\">Conectar con los mejores OTEC: Explora los programas y servicios de los principales organismos de capacitaci\u00f3n.<\/span><\/p><\/li><li class=\"wixui-rich-text__text\"><p class=\"font_8 wixui-rich-text__text\"><span class=\"color_36 wixui-rich-text__text\">Descubrir las \u00faltimas tendencias: Conoce los cursos m\u00e1s innovadores en \u00e1reas como habilidades digitales, inteligencia artificial y liderazgo.<\/span><\/p><\/li><li class=\"wixui-rich-text__text\"><p class=\"font_8 wixui-rich-text__text\"><span class=\"color_36 wixui-rich-text__text\">Ahorrar tiempo y recursos: Encuentra la capacitaci\u00f3n ideal para tu equipo sin necesidad de traslados ni eventos presenciales.<\/span>\u200b<\/p><\/li><\/ul><p class=\"font_8 wixui-rich-text__text\"><span class=\"color_36 wixui-rich-text__text\">En el OTIC del Comercio, la tecnolog\u00eda es nuestra aliada para que tu empresa alcance su m\u00e1ximo potencial.<\/span><\/p>\t\t\t\t\t\t\t\t<\/div>\n\t\t\t\t<div class=\"elementor-element elementor-element-30b16bd3 elementor-align-center elementor-widget elementor-widget-button\" data-id=\"30b16bd3\" data-element_type=\"widget\" data-widget_type=\"button.default\">\n\t\t\t\t\t\t\t\t\t\t<a class=\"elementor-button elementor-button-link elementor-size-sm\" href=\"https:\/\/feriavirtualotic.cl\/dashboard\" target=\"_blank\">\n\t\t\t\t\t\t<span class=\"elementor-button-content-wrapper\">\n\t\t\t\t\t\t\t\t\t<span class=\"elementor-button-text\">Ingreso Feria Virtual<\/span>\n\t\t\t\t\t<\/span>\n\t\t\t\t\t<\/a>\n\t\t\t\t\t\t\t\t<\/div>\n\t\t\t\t<\/div>\n\t\t<div class=\"elementor-element elementor-element-16531cf4 e-con-full e-flex e-con e-child\" data-id=\"16531cf4\" data-element_type=\"container\">\n\t\t\t\t<div class=\"elementor-element elementor-element-3828b995 elementor-widget elementor-widget-image\" data-id=\"3828b995\" data-element_type=\"widget\" data-widget_type=\"image.default\">\n\t\t\t\t\t\t\t\t\t\t\t\t\t\t\t<img decoding=\"async\" width=\"800\" height=\"466\" src=\"https:\/\/serviciosotic.cl\/wp-content\/uploads\/2025\/12\/feria_otic.avif\" class=\"attachment-large size-large wp-image-74\" alt=\"\" srcset=\"https:\/\/serviciosotic.cl\/wp-content\/uploads\/2025\/12\/feria_otic.avif 948w, https:\/\/serviciosotic.cl\/wp-content\/uploads\/2025\/12\/feria_otic-300x175.avif 300w, https:\/\/serviciosotic.cl\/wp-content\/uploads\/2025\/12\/feria_otic-768x447.avif 768w\" sizes=\"(max-width: 800px) 100vw, 800px\" \/>\t\t\t\t\t\t\t\t\t\t\t\t\t\t\t<\/div>\n\t\t\t\t<div class=\"elementor-element elementor-element-130ee2ea elementor-widget elementor-widget-menu-anchor\" data-id=\"130ee2ea\" data-element_type=\"widget\" data-widget_type=\"menu-anchor.default\">\n\t\t\t\t\t\t\t<div class=\"elementor-menu-anchor\" id=\"otros\"><\/div>\n\t\t\t\t\t\t<\/div>\n\t\t\t\t<\/div>\n\t\t\t\t<\/div>\n\t\t\t\t<\/div>\n\t\t\t\t\t<\/div>\n\t\t\t\t<\/div>\n\t\t<div class=\"elementor-element elementor-element-44282262 e-grid e-con-boxed e-con e-parent\" data-id=\"44282262\" data-element_type=\"container\">\n\t\t\t\t\t<div class=\"e-con-inner\">\n\t\t<div class=\"elementor-element elementor-element-5127163b e-con-full e-flex e-con e-child\" data-id=\"5127163b\" data-element_type=\"container\">\n\t\t\t\t<div class=\"elementor-element elementor-element-d682992 elementor-widget elementor-widget-heading\" data-id=\"d682992\" data-element_type=\"widget\" data-widget_type=\"heading.default\">\n\t\t\t\t\t<h2 class=\"elementor-heading-title elementor-size-default\">Otros servicios para potenciar tu empresa<\/h2>\t\t\t\t<\/div>\n\t\t\t\t<div class=\"elementor-element elementor-element-2c854c3c elementor-widget elementor-widget-text-editor\" data-id=\"2c854c3c\" data-element_type=\"widget\" data-widget_type=\"text-editor.default\">\n\t\t\t\t\t\t\t\t\t<p>En el OTIC del Comercio, vamos m\u00e1s all\u00e1 de la gesti\u00f3n de la franquicia tributaria. Ofrecemos un ecosistema completo de servicios dise\u00f1ados para apoyar el crecimiento y la competitividad de tu organizaci\u00f3n.<\/p><p>\u00a0<\/p>\t\t\t\t\t\t\t\t<\/div>\n\t\t\t\t<\/div>\n\t\t\t\t\t<\/div>\n\t\t\t\t<\/div>\n\t\t<div class=\"elementor-element elementor-element-35bf9065 e-grid e-con-boxed e-con e-parent\" data-id=\"35bf9065\" data-element_type=\"container\">\n\t\t\t\t\t<div class=\"e-con-inner\">\n\t\t<div class=\"elementor-element elementor-element-62215a90 e-con-full e-flex e-con e-child\" data-id=\"62215a90\" data-element_type=\"container\" data-settings=\"{&quot;background_background&quot;:&quot;classic&quot;}\">\n\t\t\t\t<div class=\"elementor-element elementor-element-aeb7ed0 elementor-widget elementor-widget-heading\" data-id=\"aeb7ed0\" data-element_type=\"widget\" data-widget_type=\"heading.default\">\n\t\t\t\t\t<h2 class=\"elementor-heading-title elementor-size-default\">Comit\u00e9 Bipartito<\/h2>\t\t\t\t<\/div>\n\t\t\t\t<div class=\"elementor-element elementor-element-323293f9 elementor-widget elementor-widget-text-editor\" data-id=\"323293f9\" data-element_type=\"widget\" data-widget_type=\"text-editor.default\">\n\t\t\t\t\t\t\t\t\t<p style=\"text-align: center;\">Facilitamos la formaci\u00f3n y el funcionamiento de tu Comit\u00e9 Bipartito. Este espacio es crucial para que empleadores y trabajadores colaboren en la planificaci\u00f3n de la capacitaci\u00f3n. Te asesoramos en cada paso para asegurar que tu comit\u00e9 sea un motor de desarrollo estrat\u00e9gico para tu empresa.<\/p>\t\t\t\t\t\t\t\t<\/div>\n\t\t\t\t<\/div>\n\t\t<div class=\"elementor-element elementor-element-2e13b3b3 e-con-full e-flex e-con e-child\" data-id=\"2e13b3b3\" data-element_type=\"container\" data-settings=\"{&quot;background_background&quot;:&quot;classic&quot;}\">\n\t\t\t\t<div class=\"elementor-element elementor-element-c2f9519 elementor-widget elementor-widget-heading\" data-id=\"c2f9519\" data-element_type=\"widget\" data-widget_type=\"heading.default\">\n\t\t\t\t\t<h2 class=\"elementor-heading-title elementor-size-default\">Becas Sociales<\/h2>\t\t\t\t<\/div>\n\t\t\t\t<div class=\"elementor-element elementor-element-271f316 elementor-widget elementor-widget-text-editor\" data-id=\"271f316\" data-element_type=\"widget\" data-widget_type=\"text-editor.default\">\n\t\t\t\t\t\t\t\t\t<p style=\"text-align: center;\">Creemos en la igualdad de oportunidades. Por eso, gestionamos programas de becas sociales que permiten a grupos de trabajadores vulnerables acceder a capacitaci\u00f3n de calidad sin costo. Con este servicio, tu empresa puede generar un impacto social positivo, contribuyendo a un futuro laboral m\u00e1s inclusivo y justo.<\/p>\t\t\t\t\t\t\t\t<\/div>\n\t\t\t\t<\/div>\n\t\t<div class=\"elementor-element elementor-element-75caa35a e-con-full e-flex e-con e-child\" data-id=\"75caa35a\" data-element_type=\"container\" data-settings=\"{&quot;background_background&quot;:&quot;classic&quot;}\">\n\t\t\t\t<div class=\"elementor-element elementor-element-3170c82d elementor-widget elementor-widget-heading\" data-id=\"3170c82d\" data-element_type=\"widget\" data-widget_type=\"heading.default\">\n\t\t\t\t\t<h2 class=\"elementor-heading-title elementor-size-default\">Asesor\u00eda Legal\u200b<\/h2>\t\t\t\t<\/div>\n\t\t\t\t<div class=\"elementor-element elementor-element-621c2349 elementor-widget elementor-widget-text-editor\" data-id=\"621c2349\" data-element_type=\"widget\" data-widget_type=\"text-editor.default\">\n\t\t\t\t\t\t\t\t\t<p>Navegar por las normativas de capacitaci\u00f3n laboral puede ser complejo. Nuestro equipo de expertos te brinda asesor\u00eda legal especializada para que tu empresa cumpla con todas las regulaciones de Sence y otras entidades fiscalizadoras. Te ayudamos a prevenir riesgos y a operar con total tranquilidad.<\/p>\t\t\t\t\t\t\t\t<\/div>\n\t\t\t\t<\/div>\n\t\t<div class=\"elementor-element elementor-element-35fdc9cb e-con-full e-flex e-con e-child\" data-id=\"35fdc9cb\" data-element_type=\"container\" data-settings=\"{&quot;background_background&quot;:&quot;classic&quot;}\">\n\t\t\t\t<div class=\"elementor-element elementor-element-71fc894c elementor-widget elementor-widget-heading\" data-id=\"71fc894c\" data-element_type=\"widget\" data-widget_type=\"heading.default\">\n\t\t\t\t\t<h2 class=\"elementor-heading-title elementor-size-default\">Infraestructura para eventos<\/h2>\t\t\t\t<\/div>\n\t\t\t\t<div class=\"elementor-element elementor-element-21235f12 elementor-widget elementor-widget-text-editor\" data-id=\"21235f12\" data-element_type=\"widget\" data-widget_type=\"text-editor.default\">\n\t\t\t\t\t\t\t\t\t<p>\u00bfBuscas un lugar para tus eventos o capacitaciones? Ponemos a tu disposici\u00f3n nuestra moderna infraestructura en el coraz\u00f3n de Santiago. Contamos con espacios equipados con tecnolog\u00eda de punta, ideales para talleres, charlas, reuniones y m\u00e1s. Te ofrecemos un ambiente profesional y c\u00f3modo para que tu evento sea un \u00e9xito.<\/p>\t\t\t\t\t\t\t\t<\/div>\n\t\t\t\t<\/div>\n\t\t\t\t\t<\/div>\n\t\t\t\t<\/div>\n\t\t<div class=\"elementor-element elementor-element-73d7e017 e-grid e-con-boxed e-con e-parent\" data-id=\"73d7e017\" data-element_type=\"container\" data-settings=\"{&quot;background_background&quot;:&quot;classic&quot;}\">\n\t\t\t\t\t<div class=\"e-con-inner\">\n\t\t<div class=\"elementor-element elementor-element-3b48404b e-con-full e-flex e-con e-child\" data-id=\"3b48404b\" data-element_type=\"container\">\n\t\t\t\t<div class=\"elementor-element elementor-element-17537ed3 elementor-widget elementor-widget-menu-anchor\" data-id=\"17537ed3\" data-element_type=\"widget\" data-widget_type=\"menu-anchor.default\">\n\t\t\t\t\t\t\t<div class=\"elementor-menu-anchor\" id=\"conversemos\"><\/div>\n\t\t\t\t\t\t<\/div>\n\t\t\t\t<div class=\"elementor-element elementor-element-2bcdf0d6 elementor-widget elementor-widget-heading\" data-id=\"2bcdf0d6\" data-element_type=\"widget\" data-widget_type=\"heading.default\">\n\t\t\t\t\t<h2 class=\"elementor-heading-title elementor-size-default\">Tu empresa tiene metas, y nosotros tenemos las herramientas para que las alcances.<\/h2>\t\t\t\t<\/div>\n\t\t\t\t<div class=\"elementor-element elementor-element-2739d0b2 elementor-widget elementor-widget-text-editor\" data-id=\"2739d0b2\" data-element_type=\"widget\" data-widget_type=\"text-editor.default\">\n\t\t\t\t\t\t\t\t\t<p>Si quieres saber c\u00f3mo optimizar tu franquicia tributaria, desarrollar el talento de tu equipo o simplemente resolver una duda, comun\u00edcate con nosotros. Juntos podemos trazar el camino hacia el crecimiento.<\/p>\t\t\t\t\t\t\t\t<\/div>\n\t\t\t\t<div class=\"elementor-element elementor-element-740799da elementor-widget elementor-widget-heading\" data-id=\"740799da\" data-element_type=\"widget\" data-widget_type=\"heading.default\">\n\t\t\t\t\t<h2 class=\"elementor-heading-title elementor-size-default\">Solicita una Reuni\u00f3n<\/h2>\t\t\t\t<\/div>\n\t\t\t\t<\/div>\n\t\t<div class=\"elementor-element elementor-element-4d8a2120 e-con-full e-flex e-con e-child\" data-id=\"4d8a2120\" data-element_type=\"container\" data-settings=\"{&quot;background_background&quot;:&quot;classic&quot;}\">\n\t\t\t\t<div class=\"elementor-element elementor-element-13b2468 elementor-widget elementor-widget-hubspot-form\" data-id=\"13b2468\" data-element_type=\"widget\" data-widget_type=\"hubspot-form.default\">\n\t\t\t\t<div class=\"elementor-widget-container\">\n\t\t\t\t\t\n\t\t\t\t\t\t<script>\n\t\t\t\t\t\t\twindow.hsFormsOnReady = window.hsFormsOnReady || [];\n\t\t\t\t\t\t\twindow.hsFormsOnReady.push(()=>{\n\t\t\t\t\t\t\t\thbspt.forms.create({\n\t\t\t\t\t\t\t\t\tportalId: 20194468,\n\t\t\t\t\t\t\t\t\tformId: \"2ea0aae5-f0dc-49f8-968b-96902edb58f7\",\n\t\t\t\t\t\t\t\t\ttarget: \"#hbspt-form-1777461111000-1303332039\",\n\t\t\t\t\t\t\t\t\tregion: \"na1\",\n\t\t\t\t\t\t\t\t\t\n\t\t\t\t\t\t\t})});\n\t\t\t\t\t\t<\/script>\n\t\t\t\t\t\t<div class=\"hbspt-form\" id=\"hbspt-form-1777461111000-1303332039\"><\/div>\t\t\t\t<\/div>\n\t\t\t\t<\/div>\n\t\t\t\t<\/div>\n\t\t\t\t\t<\/div>\n\t\t\t\t<\/div>\n\t\t\t\t<\/div>\n\t\t","protected":false},"excerpt":{"rendered":"<p>Otic del Comercio Conoce nuestros servicios Somos el Otic de la CNC En el OTIC del Comercio, entendemos el valor de la capacitaci\u00f3n como motor de crecimiento. Con 46 a\u00f1os de trayectoria y el respaldo de la C\u00e1mara Nacional de Comercio, Servicios y Turismo (CNC), te ofrecemos una propuesta \u00fanica para que tu inversi\u00f3n en [&hellip;]<\/p>\n","protected":false},"author":1,"featured_media":0,"parent":0,"menu_order":0,"comment_status":"closed","ping_status":"closed","template":"elementor_header_footer","meta":{"content-type":"","footnotes":""},"class_list":["post-83","page","type-page","status-publish","hentry"],"_links":{"self":[{"href":"https:\/\/serviciosotic.cl\/index.php\/wp-json\/wp\/v2\/pages\/83","targetHints":{"allow":["GET"]}}],"collection":[{"href":"https:\/\/serviciosotic.cl\/index.php\/wp-json\/wp\/v2\/pages"}],"about":[{"href":"https:\/\/serviciosotic.cl\/index.php\/wp-json\/wp\/v2\/types\/page"}],"author":[{"embeddable":true,"href":"https:\/\/serviciosotic.cl\/index.php\/wp-json\/wp\/v2\/users\/1"}],"replies":[{"embeddable":true,"href":"https:\/\/serviciosotic.cl\/index.php\/wp-json\/wp\/v2\/comments?post=83"}],"version-history":[{"count":16,"href":"https:\/\/serviciosotic.cl\/index.php\/wp-json\/wp\/v2\/pages\/83\/revisions"}],"predecessor-version":[{"id":133,"href":"https:\/\/serviciosotic.cl\/index.php\/wp-json\/wp\/v2\/pages\/83\/revisions\/133"}],"wp:attachment":[{"href":"https:\/\/serviciosotic.cl\/index.php\/wp-json\/wp\/v2\/media?parent=83"}],"curies":[{"name":"wp","href":"https:\/\/api.w.org\/{rel}","templated":true}]}}